{"id":2,"date":"2020-07-07T07:43:07","date_gmt":"2020-07-07T07:43:07","guid":{"rendered":"https:\/\/cwechinox.com\/industrial\/?page_id=2"},"modified":"2024-02-08T09:37:02","modified_gmt":"2024-02-08T09:37:02","slug":"cushman-wakefield-echinox-industrial-real-estate-consulting","status":"publish","type":"page","link":"https:\/\/cwechinox.com\/industrial\/en\/","title":{"rendered":"Cushman &#038; Wakefield Echinox Industrial &#8211; Real estate consulting"},"content":{"rendered":"<div class=\"hero\">\n\t\t\t<!-- START Slider 1 REVOLUTION SLIDER 6.2.2 --><p class=\"rs-p-wp-fix\"><\/p>\n\t\t\t<rs-module-wrap id=\"rev_slider_1_1_wrapper\" data-source=\"gallery\" style=\"background:transparent;padding:0;margin:0px auto;margin-top:0;margin-bottom:0;\">\n\t\t\t\t<rs-module id=\"rev_slider_1_1\" style=\"display:none;\" data-version=\"6.2.2\">\n\t\t\t\t\t<rs-slides>\n\t\t\t\t\t\t<rs-slide data-key=\"rs-1\" data-title=\"Slide\" data-anim=\"ei:d;eo:d;s:1000;r:0;t:fade;sl:0;\">\n\t\t\t\t\t\t\t<img loading=\"lazy\" decoding=\"async\" src=\"\/\/cwechinox.com\/industrial\/wp-content\/uploads\/2020\/07\/industrial.jpg\" alt=\"The interior of an industrial space where a freight car is parked - black and white image\" title=\"industrial\" width=\"1800\" height=\"545\" class=\"rev-slidebg\" data-no-retina>\n<!--\n\t\t\t\t\t\t\t--><rs-group\n\t\t\t\t\t\t\t\tid=\"slider-1-slide-1-layer-1\" \n\t\t\t\t\t\t\t\tdata-type=\"group\"\n\t\t\t\t\t\t\t\tdata-rsp_ch=\"on\"\n\t\t\t\t\t\t\t\tdata-xy=\"xo:0,100px,75px,75px;yo:119px,50px,37px,37px;\"\n\t\t\t\t\t\t\t\tdata-text=\"w:normal;s:20,18,13,13;l:0,22,16,16;\"\n\t\t\t\t\t\t\t\tdata-dim=\"w:90%,921px,701px,701px;h:263px,240px,182px,182px;\"\n\t\t\t\t\t\t\t\tdata-wrpcls=\"container\"\n\t\t\t\t\t\t\t\tdata-frame_0=\"o:1;\"\n\t\t\t\t\t\t\t\tdata-frame_999=\"o:0;st:w;sA:9000;\"\n\t\t\t\t\t\t\t\tstyle=\"z-index:10;\"\n\t\t\t\t\t\t\t><!--\n\t\t\t\t\t\t\t\t--><h2\n\t\t\t\t\t\t\t\t\tid=\"slider-1-slide-1-layer-3\" \n\t\t\t\t\t\t\t\t\tclass=\"rs-layer\"\n\t\t\t\t\t\t\t\t\tdata-type=\"text\"\n\t\t\t\t\t\t\t\t\tdata-color=\"#fff\"\n\t\t\t\t\t\t\t\t\tdata-xy=\"xo:4px,3px,2px,2px;yo:27px,24px,18px,18px;\"\n\t\t\t\t\t\t\t\t\tdata-text=\"w:normal;s:34,34,30,30;l:44,44,34,34;ls:1,0,0,1;fw:700;\"\n\t\t\t\t\t\t\t\t\tdata-dim=\"w:auto,auto,300px,300px;minh:0px,none,none,0px;\"\n\t\t\t\t\t\t\t\t\tdata-rsp_o=\"off\"\n\t\t\t\t\t\t\t\t\tdata-rsp_bd=\"off\"\n\t\t\t\t\t\t\t\t\tdata-frame_999=\"o:0;st:w;\"\n\t\t\t\t\t\t\t\t\tstyle=\"z-index:9;font-family:Open Sans;\"\n\t\t\t\t\t\t\t\t>Looking for a warehouse <br \/>\nspace? \n\t\t\t\t\t\t\t\t<\/h2><!--\n\n\t\t\t\t\t\t\t\t--><rs-layer\n\t\t\t\t\t\t\t\t\tid=\"slider-1-slide-1-layer-4\" \n\t\t\t\t\t\t\t\t\tdata-type=\"text\"\n\t\t\t\t\t\t\t\t\tdata-color=\"#fff\"\n\t\t\t\t\t\t\t\t\tdata-rsp_ch=\"on\"\n\t\t\t\t\t\t\t\t\tdata-xy=\"xo:1px,0,0,1px;yo:151px,138px,104px,104px;\"\n\t\t\t\t\t\t\t\t\tdata-text=\"w:normal;s:14,18,13,13;l:24,31,23,23;ls:2,1,0,1;fw:800;\"\n\t\t\t\t\t\t\t\t\tdata-dim=\"minh:0px,none,none,0px;\"\n\t\t\t\t\t\t\t\t\tdata-vbility=\"t,t,f,f\"\n\t\t\t\t\t\t\t\t\tdata-frame_999=\"o:0;st:w;\"\n\t\t\t\t\t\t\t\t\tstyle=\"z-index:8;font-family:Open Sans;\"\n\t\t\t\t\t\t\t\t>At Cushman & Wakefield Echinox we know how to minimize costs and<br \/>\nmaximize operational effectiveness of your company by<br \/>\nproviding in-depth experience, advanced technology and<br \/>\nsuperior research capabilities. \n\t\t\t\t\t\t\t\t<\/rs-layer><!--\n\t\t\t\t\t\t\t--><\/rs-group><!--\n-->\t\t\t\t\t\t<\/rs-slide>\n\t\t\t\t\t<\/rs-slides>\n\t\t\t\t\t<rs-progress class=\"rs-bottom\" style=\"visibility: hidden !important;\"><\/rs-progress>\n\t\t\t\t<\/rs-module>\n\t\t\t\t<script type=\"text\/javascript\">\n\t\t\t\t\tsetREVStartSize({c: 'rev_slider_1_1',rl:[1240,1024,778,778],el:[552,400,350,350],gw:[1120,1024,778,778],gh:[552,400,350,350],type:'hero',justify:'',layout:'fullwidth',mh:\"0\"});\n\t\t\t\t\tvar\trevapi1,\n\t\t\t\t\t\ttpj;\n\t\t\t\t\tjQuery(function() {\n\t\t\t\t\t\ttpj = jQuery;\n\t\t\t\t\t\tif(tpj(\"#rev_slider_1_1\").revolution == undefined){\n\t\t\t\t\t\t\trevslider_showDoubleJqueryError(\"#rev_slider_1_1\");\n\t\t\t\t\t\t}else{\n\t\t\t\t\t\t\trevapi1 = tpj(\"#rev_slider_1_1\").show().revolution({\n\t\t\t\t\t\t\t\tsliderType:\"hero\",\n\t\t\t\t\t\t\t\tjsFileLocation:\"\/\/cwechinox.com\/industrial\/wp-content\/plugins\/revslider\/public\/assets\/js\/\",\n\t\t\t\t\t\t\t\tsliderLayout:\"fullwidth\",\n\t\t\t\t\t\t\t\tvisibilityLevels:\"1240,1024,778,778\",\n\t\t\t\t\t\t\t\tgridwidth:\"1120,1024,778,778\",\n\t\t\t\t\t\t\t\tgridheight:\"552,400,350,350\",\n\t\t\t\t\t\t\t\tspinner:\"spinner0\",\n\t\t\t\t\t\t\t\teditorheight:\"552,400,350,720\",\n\t\t\t\t\t\t\t\tresponsiveLevels:\"1240,1024,778,778\",\n\t\t\t\t\t\t\t\tdisableProgressBar:\"on\",\n\t\t\t\t\t\t\t\tnavigation: {\n\t\t\t\t\t\t\t\t\tonHoverStop:false\n\t\t\t\t\t\t\t\t},\n\t\t\t\t\t\t\t\tfallbacks: {\n\t\t\t\t\t\t\t\t\tallowHTML5AutoPlayOnAndroid:true\n\t\t\t\t\t\t\t\t},\n\t\t\t\t\t\t\t});\n\t\t\t\t\t\t}\n\t\t\t\t\t\t\n\t\t\t\t\t});\n\t\t\t\t<\/script>\n\t\t\t<\/rs-module-wrap>\n\t\t\t<!-- END REVOLUTION SLIDER -->\n<\/div>\n    <div class=\"looking-for\">\r\n        <div class=\"container\">\r\n            <div class=\"settings\">\r\n                <div class=\"arrow\">\r\n                    <i class=\"fas fa-arrow-right\"><\/i>\r\n                <\/div>\r\n                <div class=\"input-container\">\r\n                                        <form id=\"searchform\" method=\"get\" action=\"https:\/\/cwechinox.com\/industrial\/hale-si-depozite\/%propertytype%\/%city%\/\">\r\n                        <input type=\"text\" class=\"\" name=\"s\" id=\"\" placeholder=\"What are you looking for?\" value=\"\">\r\n\r\n                    <\/form>\r\n                                    <\/div>\r\n                <div class=\"search\">\r\n                    <a id=\"trigger_top_search\" href=\"\" class=\"active\">\r\n                        <i class=\"fas fa-search\"><\/i>\r\n                    <\/a>\r\n                <\/div>\r\n                <div class=\"gears\">\r\n                    <a href=\"\" class=\"advanced-search-modal\">\r\n                        <i class=\"fas fa-cogs\"><\/i>\r\n                    <\/a>\r\n                <\/div>\r\n                <!-- <div class=\"earth\">\r\n                    <a href=\"\">\r\n                        <i class=\"fas fa-globe\"><\/i>\r\n                    <\/a>\r\n                <\/div> -->\r\n            <\/div>\r\n        <\/div>\r\n    <\/div>\r\n    \n<div class=\"info\">\n<h3 class=\"container\"><i class=\"fas fa-info-circle\"><\/i><a href=\"https:\/\/cwechinox.com\/industrial\/contact\/\">Would you like to add your property? Contact us<\/a><\/h3>\n<\/div>\n\n<div class=\"logistics-properties\">\n<div class=\"redstrip\">\n<div class=\"text\">\n<h2>See Romania&#8217;s warehouses &amp;<br \/>\nlogistics map<\/h2>\n<p>At Cushman &amp; Wakefield Echinox we know how to minimize costs and maximize operational effectiveness of your company by providing in-depth experience, advanced technology and superior research capabilities.<\/p>\n<div class=\"action\"><a class=\"button white see-modal-map2\">See the map<\/a><a class=\"button white hollow see-modal-newsletter\">Sign up to our Newsletter<\/a><\/div>\n<\/div>\n<div class=\"image\"><img loading=\"lazy\" decoding=\"async\" class=\"alignnone\" src=\"https:\/\/cwechinox.com\/industrial\/wp-content\/uploads\/2020\/07\/Industrial-zone-1.gif\" alt=\"Illustration representing several logistics spaces separated by roads and green spaces, with cars in motion\" width=\"1851\" height=\"1188\" \/><\/div>\n<\/div>\n<\/div>\n<p>        <div class=\"blog-category-carousel\">\r\n            <div class=\"container\">\r\n            \t<div class=\"category-tabs\">\r\n                    <div class=\"category-title\">\r\n                        <div class=\"title\">Market news<\/div>\r\n                    <\/div>\r\n                    <div class=\"nav\">\r\n                        <button class=\"prev button hollow\"><i class=\"fas fa-arrow-left\"><\/i><\/button>\r\n                        <button class=\"next button hollow\"><i class=\"fas fa-arrow-right\"><\/i><\/button>\r\n\r\n                        <a class=\"button blue text-right\" href=\"https:\/\/cwechinox.com\/industrial\/en\/all-posts\/\">all posts<\/a>\r\n                    <\/div>\r\n                <\/div>\r\n                <div class=\"blog-carousel\">\r\n                \t<div class=\"property simple-post\">\r\n\t<article id=\"post-4311\" class=\"post-4311 post type-post status-publish format-standard has-post-thumbnail hentry category-blog category-insight category-insights category-stiri entry\">\r\n        <div class=\"prop-image\">\r\n        \t                    <a class=\"img-wrapper-grid\" href=\"https:\/\/cwechinox.com\/industrial\/ro\/dezvoltatorii-reiau-proiectele-speculative-in-contextul-cresterii-cererii-industriale-si-logistice-din-romania-cu-11-in-primul-semestru-al-anului-2026\/\"><img decoding=\"async\" src=\"https:\/\/cwechinox.com\/industrial\/wp-content\/uploads\/2026\/08\/AdobeStock_229954023-scaled-1-356x200.jpeg\" \/><\/a>\r\n                            <!-- <div class=\"users\"> -->\r\n                            <!-- <\/div> -->\r\n        <\/div>\r\n        <div class=\"prop-info\">\r\n            <div class=\"content\">\r\n            \t<h2><a href=\"https:\/\/cwechinox.com\/industrial\/ro\/dezvoltatorii-reiau-proiectele-speculative-in-contextul-cresterii-cererii-industriale-si-logistice-din-romania-cu-11-in-primul-semestru-al-anului-2026\/\">Dezvoltatorii reiau proiectele speculative, \u00een contextul cre\u0219terii cererii industriale \u0219i logistice din Rom\u00e2nia cu 11% \u00een primul semestru al anului 2026<\/a><\/h2>\r\n                <div class=\"text\">\r\n                    Bucure\u0219ti, august 2026: Pia\u021ba industrial\u0103 \u0219i logistic\u0103 din Rom\u00e2nia \u0219i-a men\u021binut dinamica pozitiv\u0103 \u00een prima jum\u0103tate a anului 2026, sus\u021binut\u0103 de o accelerare vizibil\u0103 a activit\u0103\u021bii de \u00eenchiriere \u00een al doilea trimestru, \u00een ciuda unui context macroeconomic dificil, caracterizat de contrac\u021bie economic\u0103, infla\u021bie persistent\u0103 \u0219i presiuni asupra consumului, potrivit raportului Romania Marketbeat Industrial Q2 2026, [&hellip;]    \r\n                <\/div>    \r\n                <div class=\"meta\">\r\n                    <div class=\"category\">\r\n                        <a href=\"https:\/\/cwechinox.com\/industrial\/ro\/all\/blog\/\">Blog<\/a>                    <\/div>\r\n                    <div class=\"date\">\r\n                                            <\/div>\r\n                <\/div>\r\n        \t<\/div>\r\n        <\/div>\r\n    \r\n\t<\/article>\r\n<\/div><div class=\"property simple-post\">\r\n\t<article id=\"post-4299\" class=\"post-4299 post type-post status-publish format-standard has-post-thumbnail hentry category-blog category-insight category-insights category-news entry\">\r\n        <div class=\"prop-image\">\r\n        \t                    <a class=\"img-wrapper-grid\" href=\"https:\/\/cwechinox.com\/industrial\/en\/developers-resume-speculative-projects-as-industrial-and-logistics-demand-in-romania-increased-by-11-in-h1-2026\/\"><img decoding=\"async\" src=\"https:\/\/cwechinox.com\/industrial\/wp-content\/uploads\/2026\/08\/AdobeStock_229954023-scaled-1-356x200.jpeg\" \/><\/a>\r\n                            <!-- <div class=\"users\"> -->\r\n                            <!-- <\/div> -->\r\n        <\/div>\r\n        <div class=\"prop-info\">\r\n            <div class=\"content\">\r\n            \t<h2><a href=\"https:\/\/cwechinox.com\/industrial\/en\/developers-resume-speculative-projects-as-industrial-and-logistics-demand-in-romania-increased-by-11-in-h1-2026\/\">Developers resume speculative projects as industrial and logistics demand in Romania increased by 11% in H1 2026<\/a><\/h2>\r\n                <div class=\"text\">\r\n                    Bucharest, August 2026: Romania&#8217;s industrial and logistics market maintained its positive momentum in the first half of 2026, supported by a visible acceleration in leasing activity during the second quarter, despite a challenging macroeconomic environment marked by economic contraction, persistent inflation and pressure on consumer spending, according to the Romania Marketbeat Industrial Q2 2026 report [&hellip;]    \r\n                <\/div>    \r\n                <div class=\"meta\">\r\n                    <div class=\"category\">\r\n                        <a href=\"https:\/\/cwechinox.com\/industrial\/en\/all\/blog\/\">Blog<\/a>                    <\/div>\r\n                    <div class=\"date\">\r\n                                            <\/div>\r\n                <\/div>\r\n        \t<\/div>\r\n        <\/div>\r\n    \r\n\t<\/article>\r\n<\/div><div class=\"property simple-post\">\r\n\t<article id=\"post-4313\" class=\"post-4313 post type-post status-publish format-standard has-post-thumbnail hentry category-blog category-insight category-insights category-stiri entry\">\r\n        <div class=\"prop-image\">\r\n        \t                    <a class=\"img-wrapper-grid\" href=\"https:\/\/cwechinox.com\/industrial\/ro\/piata-investitiilor-imobiliare-din-romania-revine-pe-crestere-in-ciuda-unui-inceput-de-an-mai-lent\/\"><img decoding=\"async\" src=\"https:\/\/cwechinox.com\/industrial\/wp-content\/uploads\/2026\/07\/maciej-drazkiewicz-IawK4dVs7GY-unsplash-1-scaled-2-356x200.jpg\" \/><\/a>\r\n                            <!-- <div class=\"users\"> -->\r\n                            <!-- <\/div> -->\r\n        <\/div>\r\n        <div class=\"prop-info\">\r\n            <div class=\"content\">\r\n            \t<h2><a href=\"https:\/\/cwechinox.com\/industrial\/ro\/piata-investitiilor-imobiliare-din-romania-revine-pe-crestere-in-ciuda-unui-inceput-de-an-mai-lent\/\">Pia\u021ba investi\u021biilor imobiliare din Rom\u00e2nia revine pe cre\u0219tere, \u00een ciuda unui \u00eenceput de an mai lent<\/a><\/h2>\r\n                <div class=\"text\">\r\n                    Bucure\u0219ti, iulie 2026: \u00cen prima jum\u0103tate a anului 2026, activitatea total\u0103 de investi\u021bii a atins 211,1 milioane de euro, marc\u00e2nd o sc\u0103dere de 46% fa\u021b\u0103 de aceea\u0219i perioad\u0103 a anului trecut. Cu toate acestea, \u00een urma finaliz\u0103rii achizi\u021biei de c\u0103tre AFI Europe a unui portofoliu de \u0219ase parcuri de retail de la MAS Real Estate [&hellip;]    \r\n                <\/div>    \r\n                <div class=\"meta\">\r\n                    <div class=\"category\">\r\n                        <a href=\"https:\/\/cwechinox.com\/industrial\/ro\/all\/blog\/\">Blog<\/a>                    <\/div>\r\n                    <div class=\"date\">\r\n                                            <\/div>\r\n                <\/div>\r\n        \t<\/div>\r\n        <\/div>\r\n    \r\n\t<\/article>\r\n<\/div><div class=\"property simple-post\">\r\n\t<article id=\"post-4277\" class=\"post-4277 post type-post status-publish format-standard has-post-thumbnail hentry category-blog category-insight category-insights category-news entry\">\r\n        <div class=\"prop-image\">\r\n        \t                    <a class=\"img-wrapper-grid\" href=\"https:\/\/cwechinox.com\/industrial\/en\/romanias-real-estate-investment-market-returns-to-growth-despite-a-slower-start-to-the-year\/\"><img decoding=\"async\" src=\"https:\/\/cwechinox.com\/industrial\/wp-content\/uploads\/2026\/07\/maciej-drazkiewicz-IawK4dVs7GY-unsplash-1-scaled-2-356x200.jpg\" \/><\/a>\r\n                            <!-- <div class=\"users\"> -->\r\n                            <!-- <\/div> -->\r\n        <\/div>\r\n        <div class=\"prop-info\">\r\n            <div class=\"content\">\r\n            \t<h2><a href=\"https:\/\/cwechinox.com\/industrial\/en\/romanias-real-estate-investment-market-returns-to-growth-despite-a-slower-start-to-the-year\/\">Romania\u2019s real estate investment market returns to growth despite a slower start to the year<\/a><\/h2>\r\n                <div class=\"text\">\r\n                    Bucharest, July 2026: The first half of 2026 recorded a total investment activity of \u20ac211.1 million, marking a 46% decrease compared to the same period last year. However, following the completion of AFI Europe\u2019s acquisition of a portfolio of six retail parks from MAS Real Estate and several smaller transactions, during the first seven months [&hellip;]    \r\n                <\/div>    \r\n                <div class=\"meta\">\r\n                    <div class=\"category\">\r\n                        <a href=\"https:\/\/cwechinox.com\/industrial\/en\/all\/blog\/\">Blog<\/a>                    <\/div>\r\n                    <div class=\"date\">\r\n                                            <\/div>\r\n                <\/div>\r\n        \t<\/div>\r\n        <\/div>\r\n    \r\n\t<\/article>\r\n<\/div><div class=\"property simple-post\">\r\n\t<article id=\"post-4318\" class=\"post-4318 post type-post status-publish format-standard has-post-thumbnail hentry category-blog category-insight category-insights category-stiri entry\">\r\n        <div class=\"prop-image\">\r\n        \t                    <a class=\"img-wrapper-grid\" href=\"https:\/\/cwechinox.com\/industrial\/ro\/finantarea-imobiliara-comerciala-a-crescut-cu-15-sectorul-reprezentand-54-din-creditele-acordate-companiilor-nefinanciare\/\"><img decoding=\"async\" src=\"https:\/\/cwechinox.com\/industrial\/wp-content\/uploads\/2026\/07\/towfiqu-barbhuiya-nApaSgkzaxg-unsplash-scaled-2-356x200.jpg\" \/><\/a>\r\n                            <!-- <div class=\"users\"> -->\r\n                            <!-- <\/div> -->\r\n        <\/div>\r\n        <div class=\"prop-info\">\r\n            <div class=\"content\">\r\n            \t<h2><a href=\"https:\/\/cwechinox.com\/industrial\/ro\/finantarea-imobiliara-comerciala-a-crescut-cu-15-sectorul-reprezentand-54-din-creditele-acordate-companiilor-nefinanciare\/\">Finan\u021barea imobiliar\u0103 comercial\u0103 a crescut cu 15%, sectorul reprezent\u00e2nd 54% din creditele acordate companiilor nefinanciare<\/a><\/h2>\r\n                <div class=\"text\">\r\n                    Bucure\u0219ti, iulie 2026: Sectorul imobiliar comercial din Rom\u00e2nia reprezint\u0103 54% din creditele acordate companiilor nefinanciare \u0219i a \u00eenregistrat o cre\u0219tere anual\u0103 de 15% a finan\u021b\u0103rii, \u00een timp ce rata creditelor neperformante (NPL), de 6,2%, r\u0103m\u00e2ne sub nivelurile raportate pentru anumite segmente considerate mai expuse la risc, potrivit unei analize realizate de compania de consultan\u021b\u0103 imobiliar\u0103 [&hellip;]    \r\n                <\/div>    \r\n                <div class=\"meta\">\r\n                    <div class=\"category\">\r\n                        <a href=\"https:\/\/cwechinox.com\/industrial\/ro\/all\/blog\/\">Blog<\/a>                    <\/div>\r\n                    <div class=\"date\">\r\n                                            <\/div>\r\n                <\/div>\r\n        \t<\/div>\r\n        <\/div>\r\n    \r\n\t<\/article>\r\n<\/div><div class=\"property simple-post\">\r\n\t<article id=\"post-4281\" class=\"post-4281 post type-post status-publish format-standard has-post-thumbnail hentry category-blog category-insight category-insights category-news entry\">\r\n        <div class=\"prop-image\">\r\n        \t                    <a class=\"img-wrapper-grid\" href=\"https:\/\/cwechinox.com\/industrial\/en\/commercial-real-estate-financing-increased-by-15-with-the-sector-accounting-for-54-of-the-loans-granted-to-non-financial-companies\/\"><img decoding=\"async\" src=\"https:\/\/cwechinox.com\/industrial\/wp-content\/uploads\/2026\/07\/towfiqu-barbhuiya-nApaSgkzaxg-unsplash-scaled-2-356x200.jpg\" \/><\/a>\r\n                            <!-- <div class=\"users\"> -->\r\n                            <!-- <\/div> -->\r\n        <\/div>\r\n        <div class=\"prop-info\">\r\n            <div class=\"content\">\r\n            \t<h2><a href=\"https:\/\/cwechinox.com\/industrial\/en\/commercial-real-estate-financing-increased-by-15-with-the-sector-accounting-for-54-of-the-loans-granted-to-non-financial-companies\/\">Commercial real estate financing increased by 15%, with the sector accounting for 54% of the loans granted to non-financial companies<\/a><\/h2>\r\n                <div class=\"text\">\r\n                    Bucharest, July 2026:&nbsp;Romania\u2019s commercial real estate sector accounts for 54% of the loans granted to non-financial companies and recorded a 15% annual increase in financing, while the non-performing loan (NPL) ratio, which stands at 6.2%, remains below the levels reported for certain segments considered more exposed to risk, according to an analysis performed by the [&hellip;]    \r\n                <\/div>    \r\n                <div class=\"meta\">\r\n                    <div class=\"category\">\r\n                        <a href=\"https:\/\/cwechinox.com\/industrial\/en\/all\/blog\/\">Blog<\/a>                    <\/div>\r\n                    <div class=\"date\">\r\n                                            <\/div>\r\n                <\/div>\r\n        \t<\/div>\r\n        <\/div>\r\n    \r\n\t<\/article>\r\n<\/div><div class=\"property simple-post\">\r\n\t<article id=\"post-4320\" class=\"post-4320 post type-post status-publish format-standard has-post-thumbnail hentry category-blog category-insight category-insights category-stiri entry\">\r\n        <div class=\"prop-image\">\r\n        \t                    <a class=\"img-wrapper-grid\" href=\"https:\/\/cwechinox.com\/industrial\/ro\/bucurestiul-este-printre-cele-mai-competitive-piete-de-logistica-din-europa-cu-o-chirie-medie-de-48-euro-mp-m-luna\/\"><img decoding=\"async\" src=\"https:\/\/cwechinox.com\/industrial\/wp-content\/uploads\/2026\/08\/AdobeStock_563312400-scaled-1-356x200.jpeg\" \/><\/a>\r\n                            <!-- <div class=\"users\"> -->\r\n                            <!-- <\/div> -->\r\n        <\/div>\r\n        <div class=\"prop-info\">\r\n            <div class=\"content\">\r\n            \t<h2><a href=\"https:\/\/cwechinox.com\/industrial\/ro\/bucurestiul-este-printre-cele-mai-competitive-piete-de-logistica-din-europa-cu-o-chirie-medie-de-48-euro-mp-m-luna\/\">Bucure\u0219tiul este printre cele mai competitive pie\u021be de logistic\u0103 din Europa, cu o chirie medie de 4,8 euro\/mp. m\/luna<\/a><\/h2>\r\n                <div class=\"text\">\r\n                    Bucure\u0219ti, iulie 2026: Pia\u021ba logistic\u0103 \u0219i industrial\u0103 din Rom\u00e2nia r\u0103m\u00e2ne una dintre cele mai competitive din Europa din perspectiva costurilor de ocupare. Cu o chirie industrial\u0103 prime medie de 4,8 euro\/mp\/lun\u0103, Bucure\u0219tiul se situeaz\u0103 pe locul al patrulea \u00eentre cele mai accesibile pie\u021be dintre loca\u021biile europene analizate, \u00eentr-un moment \u00een care companiile din \u00eentreaga lume [&hellip;]    \r\n                <\/div>    \r\n                <div class=\"meta\">\r\n                    <div class=\"category\">\r\n                        <a href=\"https:\/\/cwechinox.com\/industrial\/ro\/all\/blog\/\">Blog<\/a>                    <\/div>\r\n                    <div class=\"date\">\r\n                                            <\/div>\r\n                <\/div>\r\n        \t<\/div>\r\n        <\/div>\r\n    \r\n\t<\/article>\r\n<\/div><div class=\"property simple-post\">\r\n\t<article id=\"post-4283\" class=\"post-4283 post type-post status-publish format-standard has-post-thumbnail hentry category-blog category-insight category-insights category-news entry\">\r\n        <div class=\"prop-image\">\r\n        \t                    <a class=\"img-wrapper-grid\" href=\"https:\/\/cwechinox.com\/industrial\/en\/bucharest-among-europes-most-cost-competitive-logistics-markets-with-an-average-rent-of-e4-8-sq-m-month\/\"><img decoding=\"async\" src=\"https:\/\/cwechinox.com\/industrial\/wp-content\/uploads\/2026\/08\/AdobeStock_563312400-scaled-1-356x200.jpeg\" \/><\/a>\r\n                            <!-- <div class=\"users\"> -->\r\n                            <!-- <\/div> -->\r\n        <\/div>\r\n        <div class=\"prop-info\">\r\n            <div class=\"content\">\r\n            \t<h2><a href=\"https:\/\/cwechinox.com\/industrial\/en\/bucharest-among-europes-most-cost-competitive-logistics-markets-with-an-average-rent-of-e4-8-sq-m-month\/\">Bucharest among Europe\u2019s most cost-competitive logistics markets, with an average rent of \u20ac4.8 \/sq. m\/ month<\/a><\/h2>\r\n                <div class=\"text\">\r\n                    Bucharest, July 2026: Romania\u2019s logistics and industrial market remains one of the most competitive in Europe in terms of occupancy costs. With an average prime industrial rent of \u20ac4.8\/ sq. m\/ month, Bucharest ranks as the fourth most affordable market among the European locations analyzed, at a time when companies worldwide are restructuring their supply [&hellip;]    \r\n                <\/div>    \r\n                <div class=\"meta\">\r\n                    <div class=\"category\">\r\n                        <a href=\"https:\/\/cwechinox.com\/industrial\/en\/all\/blog\/\">Blog<\/a>                    <\/div>\r\n                    <div class=\"date\">\r\n                                            <\/div>\r\n                <\/div>\r\n        \t<\/div>\r\n        <\/div>\r\n    \r\n\t<\/article>\r\n<\/div><div class=\"property simple-post\">\r\n\t<article id=\"post-4330\" class=\"post-4330 post type-post status-publish format-standard has-post-thumbnail hentry category-blog category-insight category-insights category-stiri entry\">\r\n        <div class=\"prop-image\">\r\n        \t                    <a class=\"img-wrapper-grid\" href=\"https:\/\/cwechinox.com\/industrial\/ro\/cererea-industriala-si-logistica-a-scazut-usor-in-primul-trimestru-al-anului-2026-stocul-national-se-asteapta-sa-ajunga-la-85-milioane-de-metri-patrati-pana-la-sfarsitul-anului\/\"><img decoding=\"async\" src=\"https:\/\/cwechinox.com\/industrial\/wp-content\/uploads\/2026\/08\/AdobeStock_280749045-scaled-1-356x200.jpeg\" \/><\/a>\r\n                            <!-- <div class=\"users\"> -->\r\n                            <!-- <\/div> -->\r\n        <\/div>\r\n        <div class=\"prop-info\">\r\n            <div class=\"content\">\r\n            \t<h2><a href=\"https:\/\/cwechinox.com\/industrial\/ro\/cererea-industriala-si-logistica-a-scazut-usor-in-primul-trimestru-al-anului-2026-stocul-national-se-asteapta-sa-ajunga-la-85-milioane-de-metri-patrati-pana-la-sfarsitul-anului\/\">Cererea industrial\u0103 \u0219i logistic\u0103 a sc\u0103zut u\u0219or \u00een primul trimestru al anului 2026; stocul na\u021bional se a\u0219teapt\u0103 s\u0103 ajung\u0103 la 8,5 milioane de metri p\u0103tra\u021bi p\u00e2n\u0103 la sf\u00e2r\u0219itul anului<\/a><\/h2>\r\n                <div class=\"text\">\r\n                    Bucure\u0219ti, mai 2026: Stocul total de spa\u021bii industriale \u0219i logistice a dep\u0103\u0219it 8 milioane mp la nivel na\u021bional la finalul T1, confirm\u00e2nd consolidarea rapid\u0103 a acestui segment de pia\u021b\u0103. Aproximativ 115.000 mp de spa\u021bii noi au fost livra\u021bi \u00een acela\u0219i trimestru, \u00een timp ce aproximativ 500.000 mp se afl\u0103 \u00een prezent \u00een construc\u021bie, sus\u021bin\u00e2nd perspectivele [&hellip;]    \r\n                <\/div>    \r\n                <div class=\"meta\">\r\n                    <div class=\"category\">\r\n                        <a href=\"https:\/\/cwechinox.com\/industrial\/ro\/all\/blog\/\">Blog<\/a>                    <\/div>\r\n                    <div class=\"date\">\r\n                                            <\/div>\r\n                <\/div>\r\n        \t<\/div>\r\n        <\/div>\r\n    \r\n\t<\/article>\r\n<\/div><div class=\"property simple-post\">\r\n\t<article id=\"post-4285\" class=\"post-4285 post type-post status-publish format-standard has-post-thumbnail hentry category-blog category-insight entry\">\r\n        <div class=\"prop-image\">\r\n        \t                    <a class=\"img-wrapper-grid\" href=\"https:\/\/cwechinox.com\/industrial\/en\/cushman-wakefield-echinox-consultant-for-the-sale-of-the-joyson-safety-plant-in-ribita-hunedoara-production-is-consolidating-at-the-hub-in-arad\/\"><img decoding=\"async\" src=\"https:\/\/cwechinox.com\/industrial\/wp-content\/uploads\/2026\/08\/Ribita-4-356x200.jpg\" \/><\/a>\r\n                            <!-- <div class=\"users\"> -->\r\n                            <!-- <\/div> -->\r\n        <\/div>\r\n        <div class=\"prop-info\">\r\n            <div class=\"content\">\r\n            \t<h2><a href=\"https:\/\/cwechinox.com\/industrial\/en\/cushman-wakefield-echinox-consultant-for-the-sale-of-the-joyson-safety-plant-in-ribita-hunedoara-production-is-consolidating-at-the-hub-in-arad\/\">Cushman &amp; Wakefield Echinox, consultant for the sale of the Joyson Safety plant in Ribi\u021ba, Hunedoara, production is consolidating at the hub in Arad<\/a><\/h2>\r\n                <div class=\"text\">\r\n                    Bucharest, June 2026: The real estate consulting company Cushman &amp; Wakefield Echinox announces the expansion of its client portfolio by signing an agreement with Joyson Safety Systems, a global leader in manufacturing safety components and systems for the automotive industry. The partnership aims to sell the industrial property owned by the manufacturer in Ribi\u021ba, Hunedoara [&hellip;]    \r\n                <\/div>    \r\n                <div class=\"meta\">\r\n                    <div class=\"category\">\r\n                        <a href=\"https:\/\/cwechinox.com\/industrial\/en\/all\/blog\/\">Blog<\/a>                    <\/div>\r\n                    <div class=\"date\">\r\n                                            <\/div>\r\n                <\/div>\r\n        \t<\/div>\r\n        <\/div>\r\n    \r\n\t<\/article>\r\n<\/div><div class=\"property simple-post\">\r\n\t<article id=\"post-4289\" class=\"post-4289 post type-post status-publish format-standard has-post-thumbnail hentry category-blog category-insight entry\">\r\n        <div class=\"prop-image\">\r\n        \t                    <a class=\"img-wrapper-grid\" href=\"https:\/\/cwechinox.com\/industrial\/en\/ai-is-redefining-how-buildings-and-cities-are-perceived-with-direct-implications-for-romanias-real-estate-market\/\"><img decoding=\"async\" src=\"https:\/\/cwechinox.com\/industrial\/wp-content\/uploads\/2026\/07\/AI-Hub-webcard-356x200.jpg\" \/><\/a>\r\n                            <!-- <div class=\"users\"> -->\r\n                            <!-- <\/div> -->\r\n        <\/div>\r\n        <div class=\"prop-info\">\r\n            <div class=\"content\">\r\n            \t<h2><a href=\"https:\/\/cwechinox.com\/industrial\/en\/ai-is-redefining-how-buildings-and-cities-are-perceived-with-direct-implications-for-romanias-real-estate-market\/\">AI is redefining how buildings and cities are perceived, with direct implications for Romania\u2019s real estate market<\/a><\/h2>\r\n                <div class=\"text\">\r\n                    Bucharest, March 2026: Artificial intelligence is starting to have a visible impact on the real estate market, influencing not only how buildings are operated, but also the criteria by which they are valued, leased and transacted. From offices and retail spaces to logistics and urban development, AI is accelerating a structural transition in which flexibility, [&hellip;]    \r\n                <\/div>    \r\n                <div class=\"meta\">\r\n                    <div class=\"category\">\r\n                        <a href=\"https:\/\/cwechinox.com\/industrial\/en\/all\/blog\/\">Blog<\/a>                    <\/div>\r\n                    <div class=\"date\">\r\n                                            <\/div>\r\n                <\/div>\r\n        \t<\/div>\r\n        <\/div>\r\n    \r\n\t<\/article>\r\n<\/div><div class=\"property simple-post\">\r\n\t<article id=\"post-3296\" class=\"post-3296 post type-post status-publish format-standard has-post-thumbnail hentry category-stiri entry\">\r\n        <div class=\"prop-image\">\r\n        \t                    <a class=\"img-wrapper-grid\" href=\"https:\/\/cwechinox.com\/industrial\/ro\/stefan-surcel-promovat-head-of-industrial-agency-in-cadrul-cushman-wakefield-echinox\/\"><img decoding=\"async\" src=\"https:\/\/cwechinox.com\/industrial\/wp-content\/uploads\/2020\/08\/Stefan-Surcel-Head-of-Industrial-Agency-Cushman-Wakefield-Echinox-356x200.jpg\" \/><\/a>\r\n                            <!-- <div class=\"users\"> -->\r\n                            <!-- <\/div> -->\r\n        <\/div>\r\n        <div class=\"prop-info\">\r\n            <div class=\"content\">\r\n            \t<h2><a href=\"https:\/\/cwechinox.com\/industrial\/ro\/stefan-surcel-promovat-head-of-industrial-agency-in-cadrul-cushman-wakefield-echinox\/\">\u0218tefan Surcel, promovat Head of Industrial Agency \u00een cadrul Cushman &amp; Wakefield Echinox<\/a><\/h2>\r\n                <div class=\"text\">\r\n                    Cushman &amp; Wakefield Echinox anun\u021b\u0103 promovarea lui \u0218tefan Surcel \u00een pozi\u021bia de Head of Industrial Agency. \u00cen noul s\u0103u rol, \u0218tefan va coordona activitatea departamentului industrial al Cushman &amp; Wakefield Echinox, \u0219i se va concentra pe dezvoltarea rela\u021biilor cu clien\u021bii strategici, \u015fi pe identificarea \u015fi materializarea de noi oportunit\u0103\u0163i de pia\u0163\u0103. Oana Iliescu, Managing Director, [&hellip;]    \r\n                <\/div>    \r\n                <div class=\"meta\">\r\n                    <div class=\"category\">\r\n                        <a href=\"https:\/\/cwechinox.com\/industrial\/ro\/all\/stiri\/\">Stiri<\/a>                    <\/div>\r\n                    <div class=\"date\">\r\n                                            <\/div>\r\n                <\/div>\r\n        \t<\/div>\r\n        <\/div>\r\n    \r\n\t<\/article>\r\n<\/div><div class=\"property simple-post\">\r\n\t<article id=\"post-4287\" class=\"post-4287 post type-post status-publish format-standard has-post-thumbnail hentry category-blog category-insight category-insights category-news entry\">\r\n        <div class=\"prop-image\">\r\n        \t                    <a class=\"img-wrapper-grid\" href=\"https:\/\/cwechinox.com\/industrial\/en\/industrial-nationwide-stock-set-to-reach-8-5-million-sq-m-by-the-end-of-the-year\/\"><img decoding=\"async\" src=\"https:\/\/cwechinox.com\/industrial\/wp-content\/uploads\/2026\/08\/AdobeStock_280749045-scaled-1-356x200.jpeg\" \/><\/a>\r\n                            <!-- <div class=\"users\"> -->\r\n                            <!-- <\/div> -->\r\n        <\/div>\r\n        <div class=\"prop-info\">\r\n            <div class=\"content\">\r\n            \t<h2><a href=\"https:\/\/cwechinox.com\/industrial\/en\/industrial-nationwide-stock-set-to-reach-8-5-million-sq-m-by-the-end-of-the-year\/\">Industrial &amp; logistics demand slightly down in Q1 2026; nationwide stock set to reach 8.5 million sq. m by the end of the year<\/a><\/h2>\r\n                <div class=\"text\">\r\n                    Bucharest, May 2026: The total stock of industrial &amp; logistics spaces surpassed 8 million sq. m across Romania at the end of Q1, confirming the rapid consolidation of this market segment. Approximately 115,000 sq. m of new spaces were delivered in the same quarter, while ~500,000 sq. m are currently under construction, supporting a positive [&hellip;]    \r\n                <\/div>    \r\n                <div class=\"meta\">\r\n                    <div class=\"category\">\r\n                        <a href=\"https:\/\/cwechinox.com\/industrial\/en\/all\/blog\/\">Blog<\/a>                    <\/div>\r\n                    <div class=\"date\">\r\n                                            <\/div>\r\n                <\/div>\r\n        \t<\/div>\r\n        <\/div>\r\n    \r\n\t<\/article>\r\n<\/div><div class=\"property simple-post\">\r\n\t<article id=\"post-3892\" class=\"post-3892 post type-post status-publish format-standard has-post-thumbnail hentry category-blog category-stiri entry\">\r\n        <div class=\"prop-image\">\r\n        \t                    <a class=\"img-wrapper-grid\" href=\"https:\/\/cwechinox.com\/industrial\/ro\/modificari-fiscale-in-2025-ce-se-schimba-pentru-companii\/\"><img decoding=\"async\" src=\"https:\/\/cwechinox.com\/industrial\/wp-content\/uploads\/2024\/12\/pexels-photo-239886-356x200.jpeg\" \/><\/a>\r\n                            <!-- <div class=\"users\"> -->\r\n                            <!-- <\/div> -->\r\n        <\/div>\r\n        <div class=\"prop-info\">\r\n            <div class=\"content\">\r\n            \t<h2><a href=\"https:\/\/cwechinox.com\/industrial\/ro\/modificari-fiscale-in-2025-ce-se-schimba-pentru-companii\/\">Modific\u0103ri fiscale \u00een 2025. Ce se schimb\u0103 pentru companii<\/a><\/h2>\r\n                <div class=\"text\">\r\n                    Guvernul a adoptat \u00een luna decembrie o serie de modific\u0103ri fiscale care vor fi aplicabile din 2025, care vizeaz\u0103 flexibilizarea utiliz\u0103rii sistemelor de digitalizare a administra\u021biei fiscale \u0219i combaterea evaziunii fiscal. Reglement\u0103rile de refer\u0103 la utilizarea sistemului national RO e-Factura \u0219i la impozitul pentru persoane juridice. \u201e\u00cen urma consult\u0103rilor cu reprezentan\u021bii mediului de afaceri, am [&hellip;]    \r\n                <\/div>    \r\n                <div class=\"meta\">\r\n                    <div class=\"category\">\r\n                        <a href=\"https:\/\/cwechinox.com\/industrial\/ro\/all\/blog\/\">Blog<\/a>                    <\/div>\r\n                    <div class=\"date\">\r\n                                            <\/div>\r\n                <\/div>\r\n        \t<\/div>\r\n        <\/div>\r\n    \r\n\t<\/article>\r\n<\/div><div class=\"property simple-post\">\r\n\t<article id=\"post-3863\" class=\"post-3863 post type-post status-publish format-standard has-post-thumbnail hentry category-blog category-stiri entry\">\r\n        <div class=\"prop-image\">\r\n        \t                    <a class=\"img-wrapper-grid\" href=\"https:\/\/cwechinox.com\/industrial\/ro\/care-sunt-zonele-industriale-cu-acces-imediat-la-autostrada\/\"><img decoding=\"async\" src=\"https:\/\/cwechinox.com\/industrial\/wp-content\/uploads\/2024\/11\/romanianhighwaymap-356x200.jpg\" \/><\/a>\r\n                            <!-- <div class=\"users\"> -->\r\n                            <!-- <\/div> -->\r\n        <\/div>\r\n        <div class=\"prop-info\">\r\n            <div class=\"content\">\r\n            \t<h2><a href=\"https:\/\/cwechinox.com\/industrial\/ro\/care-sunt-zonele-industriale-cu-acces-imediat-la-autostrada\/\">Care sunt zonele industriale cu acces imediat la autostrad\u0103<\/a><\/h2>\r\n                <div class=\"text\">\r\n                    Stocul spa\u021biilor industriale \u0219i logistice din Rom\u00e2nia a ajuns la finalul celui de-al treilea trimestru al acestui an la 7,3 milioane de metri p\u0103tra\u021bi, aproape 90% dintre aceste spa\u021bii fiind situate \u00een Bucure\u0219ti, Timi\u0219oara, Cluj-Napoca, Pite\u0219ti, Ploie\u0219ti, Sibiu, Arad, ora\u0219e care au conexiuni cu re\u021beaua local\u0103 de autostr\u0103zi. Bucure\u0219tiul are \u00een prezent un stoc de [&hellip;]    \r\n                <\/div>    \r\n                <div class=\"meta\">\r\n                    <div class=\"category\">\r\n                        <a href=\"https:\/\/cwechinox.com\/industrial\/ro\/all\/blog\/\">Blog<\/a>                    <\/div>\r\n                    <div class=\"date\">\r\n                                            <\/div>\r\n                <\/div>\r\n        \t<\/div>\r\n        <\/div>\r\n    \r\n\t<\/article>\r\n<\/div>                                    <\/div>\r\n            <\/div>\r\n        <\/div>\r\n                <div class=\"partners-category-carousel\">\r\n            <div class=\"container\">\r\n                <div class=\"category-tabs\">\r\n                    <div class=\"category-title\">\r\n                        <div class=\"title\">our partners<\/div>\r\n                    <\/div>\r\n                    <div class=\"nav\">\r\n                        <button class=\"prev button hollow\"><i class=\"fas fa-arrow-left\"><\/i><\/button>\r\n                        <button class=\"next button hollow\"><i class=\"fas fa-arrow-right\"><\/i><\/button>\r\n\r\n                        <!-- <a class=\"button blue text-right\" href=\"https:\/\/cwechinox.com\/industrial\/partner\/\">all our partners<\/a> -->\r\n                    <\/div>\r\n                    <div class=\"action-to\">\r\n\r\n                    <\/div>\r\n                <\/div>\r\n                <div class=\"slider\">\r\n                                            \t<a href=\"https:\/\/cwechinox.com\/industrial\/ro\/partner\/eli-parks\/\"><img decoding=\"async\" src=\"https:\/\/cwechinox.com\/industrial\/wp-content\/uploads\/2024\/06\/ELI-Parks.png\" alt=\"\" \/><\/a>\r\n                        \t                            <a class=\"partner-logo-wrapper\" href=\"https:\/\/cwechinox.com\/industrial\/ro\/partner\/logicor-2\/\">\r\n                                <img decoding=\"async\" class=\"invisible\" src=\"https:\/\/cwechinox.com\/industrial\/wp-content\/themes\/cweindustrial\/assets\/img\/partner-logo-placeholder.png\" alt=\"\">\r\n                                <div class=\"partner-tile\">Logicor<\/div>\r\n                            <\/a>\r\n                                                        <a class=\"partner-logo-wrapper\" href=\"https:\/\/cwechinox.com\/industrial\/en\/partner\/logicor\/\">\r\n                                <img decoding=\"async\" class=\"invisible\" src=\"https:\/\/cwechinox.com\/industrial\/wp-content\/themes\/cweindustrial\/assets\/img\/partner-logo-placeholder.png\" alt=\"\">\r\n                                <div class=\"partner-tile\">Logicor<\/div>\r\n                            <\/a>\r\n                                                    \t<a href=\"https:\/\/cwechinox.com\/industrial\/ro\/partner\/ctp-2\/\"><img decoding=\"async\" src=\"https:\/\/cwechinox.com\/industrial\/wp-content\/uploads\/2020\/07\/partner1.png\" alt=\"\" \/><\/a>\r\n                        \t                        \t<a href=\"https:\/\/cwechinox.com\/industrial\/en\/partner\/ctp\/\"><img decoding=\"async\" src=\"https:\/\/cwechinox.com\/industrial\/wp-content\/uploads\/2020\/07\/partner1.png\" alt=\"\" \/><\/a>\r\n                        \t                        \t<a href=\"https:\/\/cwechinox.com\/industrial\/en\/partner\/p3-logistics-parks\/\"><img decoding=\"async\" src=\"https:\/\/cwechinox.com\/industrial\/wp-content\/uploads\/2020\/07\/partner3.png\" alt=\"\" \/><\/a>\r\n                        \t                        \t<a href=\"https:\/\/cwechinox.com\/industrial\/ro\/partner\/p3-logistics-parks-2\/\"><img decoding=\"async\" src=\"https:\/\/cwechinox.com\/industrial\/wp-content\/uploads\/2020\/07\/partner3.png\" alt=\"\" \/><\/a>\r\n                        \t                        \t<a href=\"https:\/\/cwechinox.com\/industrial\/en\/partner\/vgp-2\/\"><img decoding=\"async\" src=\"https:\/\/cwechinox.com\/industrial\/wp-content\/uploads\/2020\/07\/partner4.png\" alt=\"\" \/><\/a>\r\n                        \t                        \t<a href=\"https:\/\/cwechinox.com\/industrial\/ro\/partner\/vgp\/\"><img decoding=\"async\" src=\"https:\/\/cwechinox.com\/industrial\/wp-content\/uploads\/2020\/07\/partner4.png\" alt=\"\" \/><\/a>\r\n                        \t                        \t<a href=\"https:\/\/cwechinox.com\/industrial\/en\/partner\/transilvania-constructii\/\"><img decoding=\"async\" src=\"https:\/\/cwechinox.com\/industrial\/wp-content\/uploads\/2020\/07\/partner5.png\" alt=\"\" \/><\/a>\r\n                        \t                        \t<a href=\"https:\/\/cwechinox.com\/industrial\/ro\/partner\/transilvania-constructii-2\/\"><img decoding=\"async\" src=\"https:\/\/cwechinox.com\/industrial\/wp-content\/uploads\/2020\/07\/partner5.png\" alt=\"\" \/><\/a>\r\n                        \t                        \t<a href=\"https:\/\/cwechinox.com\/industrial\/ro\/partner\/wdp-2\/\"><img decoding=\"async\" src=\"https:\/\/cwechinox.com\/industrial\/wp-content\/uploads\/2020\/07\/partner2.png\" alt=\"\" \/><\/a>\r\n                        \t                        \t<a href=\"https:\/\/cwechinox.com\/industrial\/en\/partner\/wdp\/\"><img decoding=\"async\" src=\"https:\/\/cwechinox.com\/industrial\/wp-content\/uploads\/2020\/07\/partner2.png\" alt=\"\" \/><\/a>\r\n                        \t                        \t<a href=\"https:\/\/cwechinox.com\/industrial\/ro\/partner\/global-vision-2\/\"><img decoding=\"async\" src=\"https:\/\/cwechinox.com\/industrial\/wp-content\/uploads\/2020\/07\/partner6.png\" alt=\"\" \/><\/a>\r\n                        \t                        \t<a href=\"https:\/\/cwechinox.com\/industrial\/en\/partner\/eli-parks\/\"><img decoding=\"async\" src=\"https:\/\/cwechinox.com\/industrial\/wp-content\/uploads\/2024\/06\/ELI-Parks.png\" alt=\"\" \/><\/a>\r\n                        \t                        \t<a href=\"https:\/\/cwechinox.com\/industrial\/en\/partner\/global-vision\/\"><img decoding=\"async\" src=\"https:\/\/cwechinox.com\/industrial\/wp-content\/uploads\/2020\/07\/partner6.png\" alt=\"\" \/><\/a>\r\n                        \t                        \t<a href=\"https:\/\/cwechinox.com\/industrial\/ro\/partner\/mlp-2\/\"><img decoding=\"async\" src=\"https:\/\/cwechinox.com\/industrial\/wp-content\/uploads\/2020\/07\/mlp_logo.png\" alt=\"\" \/><\/a>\r\n                        \t                        \t<a href=\"https:\/\/cwechinox.com\/industrial\/en\/partner\/mlp\/\"><img decoding=\"async\" src=\"https:\/\/cwechinox.com\/industrial\/wp-content\/uploads\/2020\/07\/mlp_logo.png\" alt=\"\" \/><\/a>\r\n                        \t                                    <\/div>\r\n            <\/div>\r\n        <\/div>\r\n        <\/p>\n","protected":false},"excerpt":{"rendered":"<p>Would you like to add your property? Contact us See Romania&#8217;s warehouses &amp; logistics map At Cushman &amp; Wakefield Echinox we know how to minimize costs and maximize operational effectiveness of your company by providing in-depth experience, advanced technology and superior research capabilities. See the mapSign up to our Newsletter<\/p>\n","protected":false},"author":1,"featured_media":0,"parent":0,"menu_order":0,"comment_status":"closed","ping_status":"open","template":"","meta":{"_acf_changed":false,"footnotes":""},"page_type":[],"class_list":["post-2","page","type-page","status-publish","hentry","entry"],"acf":[],"yoast_head":"<!-- This site is optimized with the Yoast SEO plugin v28.0 - https:\/\/yoast.com\/product\/yoast-seo-wordpress\/ -->\n<title>Cushman &amp; Wakefield Echinox Industrial - Real estate consulting<\/title>\n<meta name=\"description\" content=\"Over 15 years of experience in the sale and rental of logistics and industrial premises. Top real estate consultancy for minimum costs and maximum efficiency.\" \/>\n<meta name=\"robots\" content=\"index, follow, max-snippet:-1, max-image-preview:large, max-video-preview:-1\" \/>\n<link rel=\"canonical\" href=\"https:\/\/cwechinox.com\/industrial\/en\/\" \/>\n<meta property=\"og:locale\" content=\"en_US\" \/>\n<meta property=\"og:type\" content=\"article\" \/>\n<meta property=\"og:title\" content=\"Cushman &amp; Wakefield Echinox Industrial - Real estate consulting\" \/>\n<meta property=\"og:description\" content=\"Over 15 years of experience in the sale and rental of logistics and industrial premises. Top real estate consultancy for minimum costs and maximum efficiency.\" \/>\n<meta property=\"og:url\" content=\"https:\/\/cwechinox.com\/industrial\/en\/\" \/>\n<meta property=\"og:site_name\" content=\"CWE Industrial\" \/>\n<meta property=\"article:publisher\" content=\"https:\/\/www.facebook.com\/cwechinox\" \/>\n<meta property=\"article:modified_time\" content=\"2024-02-08T09:37:02+00:00\" \/>\n<meta property=\"og:image\" content=\"https:\/\/cwechinox.com\/industrial\/wp-content\/uploads\/2020\/07\/Industrial-zone-1.gif\" \/>\n<meta name=\"twitter:card\" content=\"summary_large_image\" \/>\n<meta name=\"twitter:label1\" content=\"Est. reading time\" \/>\n\t<meta name=\"twitter:data1\" content=\"1 minute\" \/>\n<script type=\"application\/ld+json\" class=\"yoast-schema-graph\">{\"@context\":\"https:\\\/\\\/schema.org\",\"@graph\":[{\"@type\":\"ImageObject\",\"inLanguage\":\"en-US\",\"@id\":\"https:\\\/\\\/cwechinox.com\\\/industrial\\\/en\\\/#primaryimage\",\"url\":\"https:\\\/\\\/cwechinox.com\\\/industrial\\\/wp-content\\\/uploads\\\/2020\\\/07\\\/Industrial-zone-1.gif\",\"contentUrl\":\"https:\\\/\\\/cwechinox.com\\\/industrial\\\/wp-content\\\/uploads\\\/2020\\\/07\\\/Industrial-zone-1.gif\"},{\"@type\":\"WebSite\",\"@id\":\"https:\\\/\\\/cwechinox.com\\\/industrial\\\/#website\",\"url\":\"https:\\\/\\\/cwechinox.com\\\/industrial\\\/\",\"name\":\"CWE Industrial\",\"description\":\"\",\"potentialAction\":[{\"@type\":\"SearchAction\",\"target\":{\"@type\":\"EntryPoint\",\"urlTemplate\":\"https:\\\/\\\/cwechinox.com\\\/industrial\\\/?s={search_term_string}\"},\"query-input\":{\"@type\":\"PropertyValueSpecification\",\"valueRequired\":true,\"valueName\":\"search_term_string\"}}],\"inLanguage\":\"en-US\"}]}<\/script>\n<!-- \/ Yoast SEO plugin. -->","yoast_head_json":{"title":"Cushman & Wakefield Echinox Industrial - Real estate consulting","description":"Over 15 years of experience in the sale and rental of logistics and industrial premises. Top real estate consultancy for minimum costs and maximum efficiency.","robots":{"index":"index","follow":"follow","max-snippet":"max-snippet:-1","max-image-preview":"max-image-preview:large","max-video-preview":"max-video-preview:-1"},"canonical":"https:\/\/cwechinox.com\/industrial\/en\/","og_locale":"en_US","og_type":"article","og_title":"Cushman & Wakefield Echinox Industrial - Real estate consulting","og_description":"Over 15 years of experience in the sale and rental of logistics and industrial premises. Top real estate consultancy for minimum costs and maximum efficiency.","og_url":"https:\/\/cwechinox.com\/industrial\/en\/","og_site_name":"CWE Industrial","article_publisher":"https:\/\/www.facebook.com\/cwechinox","article_modified_time":"2024-02-08T09:37:02+00:00","og_image":[{"url":"https:\/\/cwechinox.com\/industrial\/wp-content\/uploads\/2020\/07\/Industrial-zone-1.gif","type":"","width":"","height":""}],"twitter_card":"summary_large_image","twitter_misc":{"Est. reading time":"1 minute"},"schema":{"@context":"https:\/\/schema.org","@graph":[{"@type":"ImageObject","inLanguage":"en-US","@id":"https:\/\/cwechinox.com\/industrial\/en\/#primaryimage","url":"https:\/\/cwechinox.com\/industrial\/wp-content\/uploads\/2020\/07\/Industrial-zone-1.gif","contentUrl":"https:\/\/cwechinox.com\/industrial\/wp-content\/uploads\/2020\/07\/Industrial-zone-1.gif"},{"@type":"WebSite","@id":"https:\/\/cwechinox.com\/industrial\/#website","url":"https:\/\/cwechinox.com\/industrial\/","name":"CWE Industrial","description":"","potentialAction":[{"@type":"SearchAction","target":{"@type":"EntryPoint","urlTemplate":"https:\/\/cwechinox.com\/industrial\/?s={search_term_string}"},"query-input":{"@type":"PropertyValueSpecification","valueRequired":true,"valueName":"search_term_string"}}],"inLanguage":"en-US"}]}},"lang":"en","translations":{"en":2,"ro":25},"pll_sync_post":[],"_links":{"self":[{"href":"https:\/\/cwechinox.com\/industrial\/wp-json\/wp\/v2\/pages\/2","targetHints":{"allow":["GET"]}}],"collection":[{"href":"https:\/\/cwechinox.com\/industrial\/wp-json\/wp\/v2\/pages"}],"about":[{"href":"https:\/\/cwechinox.com\/industrial\/wp-json\/wp\/v2\/types\/page"}],"author":[{"embeddable":true,"href":"https:\/\/cwechinox.com\/industrial\/wp-json\/wp\/v2\/users\/1"}],"replies":[{"embeddable":true,"href":"https:\/\/cwechinox.com\/industrial\/wp-json\/wp\/v2\/comments?post=2"}],"version-history":[{"count":19,"href":"https:\/\/cwechinox.com\/industrial\/wp-json\/wp\/v2\/pages\/2\/revisions"}],"predecessor-version":[{"id":4132,"href":"https:\/\/cwechinox.com\/industrial\/wp-json\/wp\/v2\/pages\/2\/revisions\/4132"}],"wp:attachment":[{"href":"https:\/\/cwechinox.com\/industrial\/wp-json\/wp\/v2\/media?parent=2"}],"wp:term":[{"taxonomy":"page_type","embeddable":true,"href":"https:\/\/cwechinox.com\/industrial\/wp-json\/wp\/v2\/page_type?post=2"}],"curies":[{"name":"wp","href":"https:\/\/api.w.org\/{rel}","templated":true}]}}